{"id":3963,"date":"2024-02-05T16:17:15","date_gmt":"2024-02-05T16:17:15","guid":{"rendered":"https:\/\/ehiabarcelona.es\/terapia\/terapia-menstrual"},"modified":"2024-02-05T16:17:15","modified_gmt":"2024-02-05T16:17:15","slug":"terapia-menstrual","status":"publish","type":"terapia","link":"https:\/\/ehiabarcelona.es\/ca\/terapia\/terapia-menstrual\/","title":{"rendered":"Ter\u00e0pia menstrual"},"content":{"rendered":"","protected":false},"excerpt":{"rendered":"","protected":false},"featured_media":0,"menu_order":0,"template":"","meta":{"_acf_changed":false,"_mo_disable_npp":""},"class_list":["post-3963","terapia","type-terapia","status-publish","hentry"],"acf":[],"yoast_head":"<!-- This site is optimized with the Yoast SEO plugin v24.6 - https:\/\/yoast.com\/wordpress\/plugins\/seo\/ -->\n<title>Ter\u00e0pia menstrual - Ehi\u00e4 yoga y espacios<\/title>\n<meta name=\"robots\" content=\"index, follow, max-snippet:-1, max-image-preview:large, max-video-preview:-1\" \/>\n<link rel=\"canonical\" href=\"https:\/\/ehiabarcelona.es\/ca\/terapia\/terapia-menstrual\/\" \/>\n<meta property=\"og:locale\" content=\"ca_ES\" \/>\n<meta property=\"og:type\" content=\"article\" \/>\n<meta property=\"og:title\" content=\"Ter\u00e0pia menstrual - Ehi\u00e4 yoga y espacios\" \/>\n<meta property=\"og:url\" content=\"https:\/\/ehiabarcelona.es\/ca\/terapia\/terapia-menstrual\/\" \/>\n<meta property=\"og:site_name\" content=\"Ehi\u00e4 yoga y espacios\" \/>\n<meta property=\"og:image\" content=\"https:\/\/ehiabarcelona.es\/wp-content\/uploads\/2024\/01\/DSC4433-scaled.jpg\" \/>\n\t<meta property=\"og:image:width\" content=\"2560\" \/>\n\t<meta property=\"og:image:height\" content=\"1709\" \/>\n\t<meta property=\"og:image:type\" content=\"image\/jpeg\" \/>\n<meta name=\"twitter:card\" content=\"summary_large_image\" \/>\n<script type=\"application\/ld+json\" class=\"yoast-schema-graph\">{\"@context\":\"https:\/\/schema.org\",\"@graph\":[{\"@type\":\"WebPage\",\"@id\":\"https:\/\/ehiabarcelona.es\/ca\/terapia\/terapia-menstrual\/\",\"url\":\"https:\/\/ehiabarcelona.es\/ca\/terapia\/terapia-menstrual\/\",\"name\":\"Ter\u00e0pia menstrual - Ehi\u00e4 yoga y espacios\",\"isPartOf\":{\"@id\":\"https:\/\/ehiabarcelona.es\/ca\/#website\"},\"datePublished\":\"2024-02-05T16:17:15+00:00\",\"breadcrumb\":{\"@id\":\"https:\/\/ehiabarcelona.es\/ca\/terapia\/terapia-menstrual\/#breadcrumb\"},\"inLanguage\":\"ca\",\"potentialAction\":[{\"@type\":\"ReadAction\",\"target\":[\"https:\/\/ehiabarcelona.es\/ca\/terapia\/terapia-menstrual\/\"]}]},{\"@type\":\"BreadcrumbList\",\"@id\":\"https:\/\/ehiabarcelona.es\/ca\/terapia\/terapia-menstrual\/#breadcrumb\",\"itemListElement\":[{\"@type\":\"ListItem\",\"position\":1,\"name\":\"Portada\",\"item\":\"https:\/\/ehiabarcelona.es\/ca\/\"},{\"@type\":\"ListItem\",\"position\":2,\"name\":\"Ter\u00e0pia menstrual\"}]},{\"@type\":\"WebSite\",\"@id\":\"https:\/\/ehiabarcelona.es\/ca\/#website\",\"url\":\"https:\/\/ehiabarcelona.es\/ca\/\",\"name\":\"Ehi\u00e4 Yoga Barcelona\",\"description\":\"Ehi\u00e4 Ioga, ter\u00e0pies i lloguer d&#039;espais a Barcelona.\",\"publisher\":{\"@id\":\"https:\/\/ehiabarcelona.es\/ca\/#organization\"},\"alternateName\":\"Ehi\u00e4 Yoga y Espacios\",\"potentialAction\":[{\"@type\":\"SearchAction\",\"target\":{\"@type\":\"EntryPoint\",\"urlTemplate\":\"https:\/\/ehiabarcelona.es\/ca\/?s={search_term_string}\"},\"query-input\":{\"@type\":\"PropertyValueSpecification\",\"valueRequired\":true,\"valueName\":\"search_term_string\"}}],\"inLanguage\":\"ca\"},{\"@type\":\"Organization\",\"@id\":\"https:\/\/ehiabarcelona.es\/ca\/#organization\",\"name\":\"Ehi\u00e4 Yoga\",\"alternateName\":\"Ehi\u00e4\",\"url\":\"https:\/\/ehiabarcelona.es\/ca\/\",\"logo\":{\"@type\":\"ImageObject\",\"inLanguage\":\"ca\",\"@id\":\"https:\/\/ehiabarcelona.es\/ca\/#\/schema\/logo\/image\/\",\"url\":\"https:\/\/ehiabarcelona.es\/wp-content\/uploads\/2024\/01\/logo-marron.png\",\"contentUrl\":\"https:\/\/ehiabarcelona.es\/wp-content\/uploads\/2024\/01\/logo-marron.png\",\"width\":801,\"height\":801,\"caption\":\"Ehi\u00e4 Yoga\"},\"image\":{\"@id\":\"https:\/\/ehiabarcelona.es\/ca\/#\/schema\/logo\/image\/\"},\"sameAs\":[\"https:\/\/www.instagram.com\/ehia.yoga\/\"]}]}<\/script>\n<!-- \/ Yoast SEO plugin. -->","yoast_head_json":{"title":"Ter\u00e0pia menstrual - Ehi\u00e4 yoga y espacios","robots":{"index":"index","follow":"follow","max-snippet":"max-snippet:-1","max-image-preview":"max-image-preview:large","max-video-preview":"max-video-preview:-1"},"canonical":"https:\/\/ehiabarcelona.es\/ca\/terapia\/terapia-menstrual\/","og_locale":"ca_ES","og_type":"article","og_title":"Ter\u00e0pia menstrual - Ehi\u00e4 yoga y espacios","og_url":"https:\/\/ehiabarcelona.es\/ca\/terapia\/terapia-menstrual\/","og_site_name":"Ehi\u00e4 yoga y espacios","og_image":[{"width":2560,"height":1709,"url":"https:\/\/ehiabarcelona.es\/wp-content\/uploads\/2024\/01\/DSC4433-scaled.jpg","type":"image\/jpeg"}],"twitter_card":"summary_large_image","schema":{"@context":"https:\/\/schema.org","@graph":[{"@type":"WebPage","@id":"https:\/\/ehiabarcelona.es\/ca\/terapia\/terapia-menstrual\/","url":"https:\/\/ehiabarcelona.es\/ca\/terapia\/terapia-menstrual\/","name":"Ter\u00e0pia menstrual - Ehi\u00e4 yoga y espacios","isPartOf":{"@id":"https:\/\/ehiabarcelona.es\/ca\/#website"},"datePublished":"2024-02-05T16:17:15+00:00","breadcrumb":{"@id":"https:\/\/ehiabarcelona.es\/ca\/terapia\/terapia-menstrual\/#breadcrumb"},"inLanguage":"ca","potentialAction":[{"@type":"ReadAction","target":["https:\/\/ehiabarcelona.es\/ca\/terapia\/terapia-menstrual\/"]}]},{"@type":"BreadcrumbList","@id":"https:\/\/ehiabarcelona.es\/ca\/terapia\/terapia-menstrual\/#breadcrumb","itemListElement":[{"@type":"ListItem","position":1,"name":"Portada","item":"https:\/\/ehiabarcelona.es\/ca\/"},{"@type":"ListItem","position":2,"name":"Ter\u00e0pia menstrual"}]},{"@type":"WebSite","@id":"https:\/\/ehiabarcelona.es\/ca\/#website","url":"https:\/\/ehiabarcelona.es\/ca\/","name":"Ehi\u00e4 Yoga Barcelona","description":"Ehi\u00e4 Ioga, ter\u00e0pies i lloguer d&#039;espais a Barcelona.","publisher":{"@id":"https:\/\/ehiabarcelona.es\/ca\/#organization"},"alternateName":"Ehi\u00e4 Yoga y Espacios","potentialAction":[{"@type":"SearchAction","target":{"@type":"EntryPoint","urlTemplate":"https:\/\/ehiabarcelona.es\/ca\/?s={search_term_string}"},"query-input":{"@type":"PropertyValueSpecification","valueRequired":true,"valueName":"search_term_string"}}],"inLanguage":"ca"},{"@type":"Organization","@id":"https:\/\/ehiabarcelona.es\/ca\/#organization","name":"Ehi\u00e4 Yoga","alternateName":"Ehi\u00e4","url":"https:\/\/ehiabarcelona.es\/ca\/","logo":{"@type":"ImageObject","inLanguage":"ca","@id":"https:\/\/ehiabarcelona.es\/ca\/#\/schema\/logo\/image\/","url":"https:\/\/ehiabarcelona.es\/wp-content\/uploads\/2024\/01\/logo-marron.png","contentUrl":"https:\/\/ehiabarcelona.es\/wp-content\/uploads\/2024\/01\/logo-marron.png","width":801,"height":801,"caption":"Ehi\u00e4 Yoga"},"image":{"@id":"https:\/\/ehiabarcelona.es\/ca\/#\/schema\/logo\/image\/"},"sameAs":["https:\/\/www.instagram.com\/ehia.yoga\/"]}]}},"_links":{"self":[{"href":"https:\/\/ehiabarcelona.es\/ca\/wp-json\/wp\/v2\/terapia\/3963","targetHints":{"allow":["GET"]}}],"collection":[{"href":"https:\/\/ehiabarcelona.es\/ca\/wp-json\/wp\/v2\/terapia"}],"about":[{"href":"https:\/\/ehiabarcelona.es\/ca\/wp-json\/wp\/v2\/types\/terapia"}],"wp:attachment":[{"href":"https:\/\/ehiabarcelona.es\/ca\/wp-json\/wp\/v2\/media?parent=3963"}],"curies":[{"name":"wp","href":"https:\/\/api.w.org\/{rel}","templated":true}]}}