{"id":5077,"date":"2024-09-17T09:32:16","date_gmt":"2024-09-17T09:32:16","guid":{"rendered":"https:\/\/ehiabarcelona.es\/terapeuta\/diana\/"},"modified":"2024-09-17T10:13:01","modified_gmt":"2024-09-17T10:13:01","slug":"diana","status":"publish","type":"terapeuta","link":"https:\/\/ehiabarcelona.es\/ca\/terapeuta\/diana\/","title":{"rendered":"Diana"},"content":{"rendered":"<p><b>Hola, soc la Diana. <\/b><\/p>\n<p><b>Astr\u00f2loga i alquimista especialista en astrologia m\u00e8dica, integrativa i astroespagiria<\/b><\/p>\n<p><b>Utilitzo l&#8217;astrologia com a eina de comprensi\u00f3, sanaci\u00f3 i evoluci\u00f3 personal des de l&#8217;any 2017. La clau que t&#8217;obrir\u00e0 a una altra comprensi\u00f3 de la salut i benestar.  <\/b><\/p>\n<p><span style=\"font-weight: 400;\">Al novembre de 2017, la meva vida va donar un gir total. L&#8217;astrologia m\u00e8dica i la astroespagiria es van creuar en el meu cam\u00ed.  <\/span><\/p>\n<p><span style=\"font-weight: 400;\">Vaig experimentar els beneficis d&#8217;aquesta disciplina en mi mateixa, tant a nivell f\u00edsic, com a emocional, mental i sobretot energ\u00e8tic. Vaig comprendre l&#8217;origen dels meus problemes i com remeiar-los. <\/span><\/p>\n<p><span style=\"font-weight: 400;\">Gr\u00e0cies a aix\u00f2 vaig canviar la meva actitud i vaig prendre noves decisions vitals que m&#8217;han portat a ser la que soc. <\/span><b>Vaig harmonitzar la meva energia interior, vaig aconseguir pau i confian\u00e7a<\/b><span style=\"font-weight: 400;\">.<br \/>\nMe encontr\u00e9 conmigo misma y con mi prop\u00f3sito de vida. <\/span><\/p>\n<p><span style=\"font-weight: 400;\">Vaig entendre tamb\u00e9 l&#8217;origen del problema del meu fill petit Yago, que en tractar-se amb la astroespagiria va solucionar la seva al\u00b7l\u00e8rgia i patologia respirat\u00f2ria i la seva comunicaci\u00f3.<\/span><\/p>\n<p><span style=\"font-weight: 400;\">Aquesta va ser la ra\u00f3 per la qual vaig apostar per especialitzar-me en aquesta branca de l&#8217;Astrologia tan poc coneguda i tan guaridora, que ara divulgo i dono a con\u00e8ixer a trav\u00e9s de consultories (estudi del mapa astral i astrodiagnosis), tallers, retirs i formacions. <\/span><\/p>\n<p><b>El meu lema: obrir consci\u00e8ncies. El meu objectiu: aconseguir l&#8217;harmonia en el teu cos. <\/b><\/p>\n<p><span style=\"font-weight: 400;\">Visita la meva p\u00e0gina web per a saber m\u00e9s: <a href=\"https:\/\/www.dianavalentirechter.com\/\">www.dianavalentirechter.com<\/a><\/span><\/p>\n","protected":false},"excerpt":{"rendered":"<p>Hola, soc la Diana. Astr\u00f2loga i alquimista especialista en astrologia m\u00e8dica, integrativa i astroespagiria Utilitzo l&#8217;astrologia com a eina de comprensi\u00f3, sanaci\u00f3 i evoluci\u00f3 personal des de l&#8217;any 2017. La clau que t&#8217;obrir\u00e0 a una altra comprensi\u00f3 de la salut i benestar. Al novembre de 2017, la meva vida va donar un gir total. L&#8217;astrologia [&hellip;]<\/p>\n","protected":false},"featured_media":5063,"template":"","meta":{"_acf_changed":false,"_mo_disable_npp":""},"class_list":["post-5077","terapeuta","type-terapeuta","status-publish","has-post-thumbnail","hentry"],"acf":[],"yoast_head":"<!-- This site is optimized with the Yoast SEO plugin v24.6 - https:\/\/yoast.com\/wordpress\/plugins\/seo\/ -->\n<title>Diana - Ehi\u00e4 yoga y espacios<\/title>\n<meta name=\"description\" content=\"Coneix a la Diana, astr\u00f2loga i alquimista especialista en astrologia m\u00e8dica, integrativa i astroespagiria en Ehi\u00e4 Ioga Barcelona.\" \/>\n<meta name=\"robots\" content=\"index, follow, max-snippet:-1, max-image-preview:large, max-video-preview:-1\" \/>\n<link rel=\"canonical\" href=\"https:\/\/ehiabarcelona.es\/ca\/terapeuta\/diana\/\" \/>\n<meta property=\"og:locale\" content=\"ca_ES\" \/>\n<meta property=\"og:type\" content=\"article\" \/>\n<meta property=\"og:title\" content=\"Diana - Ehi\u00e4 yoga y espacios\" \/>\n<meta property=\"og:description\" content=\"Coneix a la Diana, astr\u00f2loga i alquimista especialista en astrologia m\u00e8dica, integrativa i astroespagiria en Ehi\u00e4 Ioga Barcelona.\" \/>\n<meta property=\"og:url\" content=\"https:\/\/ehiabarcelona.es\/ca\/terapeuta\/diana\/\" \/>\n<meta property=\"og:site_name\" content=\"Ehi\u00e4 yoga y espacios\" \/>\n<meta property=\"article:modified_time\" content=\"2024-09-17T10:13:01+00:00\" \/>\n<meta property=\"og:image\" content=\"https:\/\/ehiabarcelona.es\/wp-content\/uploads\/2024\/09\/1cfda9bb-3632-4ccb-b34a-0444d7fada1a-e1726567521722.jpg\" \/>\n\t<meta property=\"og:image:width\" content=\"1462\" \/>\n\t<meta property=\"og:image:height\" content=\"2048\" \/>\n\t<meta property=\"og:image:type\" content=\"image\/jpeg\" \/>\n<meta name=\"twitter:card\" content=\"summary_large_image\" \/>\n<meta name=\"twitter:label1\" content=\"Temps estimat de lectura\" \/>\n\t<meta name=\"twitter:data1\" content=\"1 minut\" \/>\n<script type=\"application\/ld+json\" class=\"yoast-schema-graph\">{\"@context\":\"https:\/\/schema.org\",\"@graph\":[{\"@type\":\"WebPage\",\"@id\":\"https:\/\/ehiabarcelona.es\/ca\/terapeuta\/diana\/\",\"url\":\"https:\/\/ehiabarcelona.es\/ca\/terapeuta\/diana\/\",\"name\":\"Diana - Ehi\u00e4 yoga y espacios\",\"isPartOf\":{\"@id\":\"https:\/\/ehiabarcelona.es\/ca\/#website\"},\"primaryImageOfPage\":{\"@id\":\"https:\/\/ehiabarcelona.es\/ca\/terapeuta\/diana\/#primaryimage\"},\"image\":{\"@id\":\"https:\/\/ehiabarcelona.es\/ca\/terapeuta\/diana\/#primaryimage\"},\"thumbnailUrl\":\"https:\/\/ehiabarcelona.es\/wp-content\/uploads\/2024\/09\/1cfda9bb-3632-4ccb-b34a-0444d7fada1a-e1726567521722.jpg\",\"datePublished\":\"2024-09-17T09:32:16+00:00\",\"dateModified\":\"2024-09-17T10:13:01+00:00\",\"description\":\"Coneix a la Diana, astr\u00f2loga i alquimista especialista en astrologia m\u00e8dica, integrativa i astroespagiria en Ehi\u00e4 Ioga Barcelona.\",\"breadcrumb\":{\"@id\":\"https:\/\/ehiabarcelona.es\/ca\/terapeuta\/diana\/#breadcrumb\"},\"inLanguage\":\"ca\",\"potentialAction\":[{\"@type\":\"ReadAction\",\"target\":[\"https:\/\/ehiabarcelona.es\/ca\/terapeuta\/diana\/\"]}]},{\"@type\":\"ImageObject\",\"inLanguage\":\"ca\",\"@id\":\"https:\/\/ehiabarcelona.es\/ca\/terapeuta\/diana\/#primaryimage\",\"url\":\"https:\/\/ehiabarcelona.es\/wp-content\/uploads\/2024\/09\/1cfda9bb-3632-4ccb-b34a-0444d7fada1a-e1726567521722.jpg\",\"contentUrl\":\"https:\/\/ehiabarcelona.es\/wp-content\/uploads\/2024\/09\/1cfda9bb-3632-4ccb-b34a-0444d7fada1a-e1726567521722.jpg\",\"width\":1462,\"height\":2048,\"caption\":\"diana\"},{\"@type\":\"BreadcrumbList\",\"@id\":\"https:\/\/ehiabarcelona.es\/ca\/terapeuta\/diana\/#breadcrumb\",\"itemListElement\":[{\"@type\":\"ListItem\",\"position\":1,\"name\":\"Portada\",\"item\":\"https:\/\/ehiabarcelona.es\/ca\/\"},{\"@type\":\"ListItem\",\"position\":2,\"name\":\"Diana\"}]},{\"@type\":\"WebSite\",\"@id\":\"https:\/\/ehiabarcelona.es\/ca\/#website\",\"url\":\"https:\/\/ehiabarcelona.es\/ca\/\",\"name\":\"Ehi\u00e4 Yoga Barcelona\",\"description\":\"Ehi\u00e4 Ioga, ter\u00e0pies i lloguer d&#039;espais a Barcelona.\",\"publisher\":{\"@id\":\"https:\/\/ehiabarcelona.es\/ca\/#organization\"},\"alternateName\":\"Ehi\u00e4 Yoga y Espacios\",\"potentialAction\":[{\"@type\":\"SearchAction\",\"target\":{\"@type\":\"EntryPoint\",\"urlTemplate\":\"https:\/\/ehiabarcelona.es\/ca\/?s={search_term_string}\"},\"query-input\":{\"@type\":\"PropertyValueSpecification\",\"valueRequired\":true,\"valueName\":\"search_term_string\"}}],\"inLanguage\":\"ca\"},{\"@type\":\"Organization\",\"@id\":\"https:\/\/ehiabarcelona.es\/ca\/#organization\",\"name\":\"Ehi\u00e4 Yoga\",\"alternateName\":\"Ehi\u00e4\",\"url\":\"https:\/\/ehiabarcelona.es\/ca\/\",\"logo\":{\"@type\":\"ImageObject\",\"inLanguage\":\"ca\",\"@id\":\"https:\/\/ehiabarcelona.es\/ca\/#\/schema\/logo\/image\/\",\"url\":\"https:\/\/ehiabarcelona.es\/wp-content\/uploads\/2024\/01\/logo-marron.png\",\"contentUrl\":\"https:\/\/ehiabarcelona.es\/wp-content\/uploads\/2024\/01\/logo-marron.png\",\"width\":801,\"height\":801,\"caption\":\"Ehi\u00e4 Yoga\"},\"image\":{\"@id\":\"https:\/\/ehiabarcelona.es\/ca\/#\/schema\/logo\/image\/\"},\"sameAs\":[\"https:\/\/www.instagram.com\/ehia.yoga\/\"]}]}<\/script>\n<!-- \/ Yoast SEO plugin. -->","yoast_head_json":{"title":"Diana - Ehi\u00e4 yoga y espacios","description":"Coneix a la Diana, astr\u00f2loga i alquimista especialista en astrologia m\u00e8dica, integrativa i astroespagiria en Ehi\u00e4 Ioga Barcelona.","robots":{"index":"index","follow":"follow","max-snippet":"max-snippet:-1","max-image-preview":"max-image-preview:large","max-video-preview":"max-video-preview:-1"},"canonical":"https:\/\/ehiabarcelona.es\/ca\/terapeuta\/diana\/","og_locale":"ca_ES","og_type":"article","og_title":"Diana - Ehi\u00e4 yoga y espacios","og_description":"Coneix a la Diana, astr\u00f2loga i alquimista especialista en astrologia m\u00e8dica, integrativa i astroespagiria en Ehi\u00e4 Ioga Barcelona.","og_url":"https:\/\/ehiabarcelona.es\/ca\/terapeuta\/diana\/","og_site_name":"Ehi\u00e4 yoga y espacios","article_modified_time":"2024-09-17T10:13:01+00:00","og_image":[{"width":1462,"height":2048,"url":"https:\/\/ehiabarcelona.es\/wp-content\/uploads\/2024\/09\/1cfda9bb-3632-4ccb-b34a-0444d7fada1a-e1726567521722.jpg","type":"image\/jpeg"}],"twitter_card":"summary_large_image","twitter_misc":{"Temps estimat de lectura":"1 minut"},"schema":{"@context":"https:\/\/schema.org","@graph":[{"@type":"WebPage","@id":"https:\/\/ehiabarcelona.es\/ca\/terapeuta\/diana\/","url":"https:\/\/ehiabarcelona.es\/ca\/terapeuta\/diana\/","name":"Diana - Ehi\u00e4 yoga y espacios","isPartOf":{"@id":"https:\/\/ehiabarcelona.es\/ca\/#website"},"primaryImageOfPage":{"@id":"https:\/\/ehiabarcelona.es\/ca\/terapeuta\/diana\/#primaryimage"},"image":{"@id":"https:\/\/ehiabarcelona.es\/ca\/terapeuta\/diana\/#primaryimage"},"thumbnailUrl":"https:\/\/ehiabarcelona.es\/wp-content\/uploads\/2024\/09\/1cfda9bb-3632-4ccb-b34a-0444d7fada1a-e1726567521722.jpg","datePublished":"2024-09-17T09:32:16+00:00","dateModified":"2024-09-17T10:13:01+00:00","description":"Coneix a la Diana, astr\u00f2loga i alquimista especialista en astrologia m\u00e8dica, integrativa i astroespagiria en Ehi\u00e4 Ioga Barcelona.","breadcrumb":{"@id":"https:\/\/ehiabarcelona.es\/ca\/terapeuta\/diana\/#breadcrumb"},"inLanguage":"ca","potentialAction":[{"@type":"ReadAction","target":["https:\/\/ehiabarcelona.es\/ca\/terapeuta\/diana\/"]}]},{"@type":"ImageObject","inLanguage":"ca","@id":"https:\/\/ehiabarcelona.es\/ca\/terapeuta\/diana\/#primaryimage","url":"https:\/\/ehiabarcelona.es\/wp-content\/uploads\/2024\/09\/1cfda9bb-3632-4ccb-b34a-0444d7fada1a-e1726567521722.jpg","contentUrl":"https:\/\/ehiabarcelona.es\/wp-content\/uploads\/2024\/09\/1cfda9bb-3632-4ccb-b34a-0444d7fada1a-e1726567521722.jpg","width":1462,"height":2048,"caption":"diana"},{"@type":"BreadcrumbList","@id":"https:\/\/ehiabarcelona.es\/ca\/terapeuta\/diana\/#breadcrumb","itemListElement":[{"@type":"ListItem","position":1,"name":"Portada","item":"https:\/\/ehiabarcelona.es\/ca\/"},{"@type":"ListItem","position":2,"name":"Diana"}]},{"@type":"WebSite","@id":"https:\/\/ehiabarcelona.es\/ca\/#website","url":"https:\/\/ehiabarcelona.es\/ca\/","name":"Ehi\u00e4 Yoga Barcelona","description":"Ehi\u00e4 Ioga, ter\u00e0pies i lloguer d&#039;espais a Barcelona.","publisher":{"@id":"https:\/\/ehiabarcelona.es\/ca\/#organization"},"alternateName":"Ehi\u00e4 Yoga y Espacios","potentialAction":[{"@type":"SearchAction","target":{"@type":"EntryPoint","urlTemplate":"https:\/\/ehiabarcelona.es\/ca\/?s={search_term_string}"},"query-input":{"@type":"PropertyValueSpecification","valueRequired":true,"valueName":"search_term_string"}}],"inLanguage":"ca"},{"@type":"Organization","@id":"https:\/\/ehiabarcelona.es\/ca\/#organization","name":"Ehi\u00e4 Yoga","alternateName":"Ehi\u00e4","url":"https:\/\/ehiabarcelona.es\/ca\/","logo":{"@type":"ImageObject","inLanguage":"ca","@id":"https:\/\/ehiabarcelona.es\/ca\/#\/schema\/logo\/image\/","url":"https:\/\/ehiabarcelona.es\/wp-content\/uploads\/2024\/01\/logo-marron.png","contentUrl":"https:\/\/ehiabarcelona.es\/wp-content\/uploads\/2024\/01\/logo-marron.png","width":801,"height":801,"caption":"Ehi\u00e4 Yoga"},"image":{"@id":"https:\/\/ehiabarcelona.es\/ca\/#\/schema\/logo\/image\/"},"sameAs":["https:\/\/www.instagram.com\/ehia.yoga\/"]}]}},"_links":{"self":[{"href":"https:\/\/ehiabarcelona.es\/ca\/wp-json\/wp\/v2\/terapeuta\/5077","targetHints":{"allow":["GET"]}}],"collection":[{"href":"https:\/\/ehiabarcelona.es\/ca\/wp-json\/wp\/v2\/terapeuta"}],"about":[{"href":"https:\/\/ehiabarcelona.es\/ca\/wp-json\/wp\/v2\/types\/terapeuta"}],"wp:featuredmedia":[{"embeddable":true,"href":"https:\/\/ehiabarcelona.es\/ca\/wp-json\/wp\/v2\/media\/5063"}],"wp:attachment":[{"href":"https:\/\/ehiabarcelona.es\/ca\/wp-json\/wp\/v2\/media?parent=5077"}],"curies":[{"name":"wp","href":"https:\/\/api.w.org\/{rel}","templated":true}]}}