{"id":3563,"date":"2024-01-02T18:54:21","date_gmt":"2024-01-02T18:54:21","guid":{"rendered":"https:\/\/ehiabarcelona.es\/terapies"},"modified":"2026-04-22T09:54:52","modified_gmt":"2026-04-22T09:54:52","slug":"terapies","status":"publish","type":"page","link":"https:\/\/ehiabarcelona.es\/ca\/terapies\/","title":{"rendered":"Ter\u00e0pies"},"content":{"rendered":"\t\t<div data-elementor-type=\"wp-page\" data-elementor-id=\"3563\" class=\"elementor elementor-3563\" data-elementor-post-type=\"page\">\n\t\t\t\t<div class=\"elementor-element elementor-element-f02bcb7 e-con-full e-flex e-con e-parent\" data-id=\"f02bcb7\" data-element_type=\"container\">\n\t\t\t\t<div class=\"elementor-element elementor-element-78dc843 elementor-widget elementor-widget-heading\" data-id=\"78dc843\" data-element_type=\"widget\" data-widget_type=\"heading.default\">\n\t\t\t\t<div class=\"elementor-widget-container\">\n\t\t\t\t\t<h1 class=\"elementor-heading-title elementor-size-default\">Introducci\u00f3 i Filosofia Terap\u00e8utica de Ehi\u00e4<\/h1>\t\t\t\t<\/div>\n\t\t\t\t<\/div>\n\t\t\t\t<div class=\"elementor-element elementor-element-d6bc64b elementor-widget elementor-widget-text-editor\" data-id=\"d6bc64b\" data-element_type=\"widget\" data-widget_type=\"text-editor.default\">\n\t\t\t\t<div class=\"elementor-widget-container\">\n\t\t\t\t\t\t\t\t\t<p>En el viatge de Ehi\u00e4, la vida ens ha creuat amb persones meravelloses i grans professionals de l&#8217;\u00e0mbit de la consci\u00e8ncia i de la salut que, avui dia, s\u00f3n les terapeutes i guies de les diverses ter\u00e0pies en Ehi\u00e4<\/p>\n\t\t\t\t\t\t\t\t<\/div>\n\t\t\t\t<\/div>\n\t\t\t\t<\/div>\n\t\t<div class=\"elementor-element elementor-element-5c28a70 e-con-full elementor-hidden-desktop elementor-hidden-tablet elementor-hidden-mobile e-flex e-con e-parent\" data-id=\"5c28a70\" data-element_type=\"container\" data-settings=\"{&quot;background_background&quot;:&quot;classic&quot;}\">\n\t\t\t\t<div class=\"elementor-element elementor-element-6fc970f elementor-widget elementor-widget-heading\" data-id=\"6fc970f\" data-element_type=\"widget\" data-widget_type=\"heading.default\">\n\t\t\t\t<div class=\"elementor-widget-container\">\n\t\t\t\t\t<h2 class=\"elementor-heading-title elementor-size-default\">Tipus de ter\u00e0pies i tractaments.<\/h2>\t\t\t\t<\/div>\n\t\t\t\t<\/div>\n\t\t\t\t<div class=\"elementor-element elementor-element-9049f51 elementor-widget elementor-widget-text-editor\" data-id=\"9049f51\" data-element_type=\"widget\" data-widget_type=\"text-editor.default\">\n\t\t\t\t<div class=\"elementor-widget-container\">\n\t\t\t\t\t\t\t\t\t<p><span style=\"font-weight: 400;\">Descobreix totes les ter\u00e0pies i tots els tractaments que habiten en Ehi\u00e4 actualment. <\/span><\/p>\n\t\t\t\t\t\t\t\t<\/div>\n\t\t\t\t<\/div>\n\t\t<div class=\"elementor-element elementor-element-49a5296 e-con-full e-grid e-con e-child\" data-id=\"49a5296\" data-element_type=\"container\">\n\t\t<a class=\"elementor-element elementor-element-5124f11 e-flex e-con-boxed e-con e-child\" data-id=\"5124f11\" data-element_type=\"container\" data-settings=\"{&quot;background_background&quot;:&quot;classic&quot;}\">\n\t\t\t\t\t<div class=\"e-con-inner\">\n\t\t\t\t<div class=\"elementor-element elementor-element-412a92b elementor-widget elementor-widget-heading\" data-id=\"412a92b\" data-element_type=\"widget\" data-widget_type=\"heading.default\">\n\t\t\t\t<div class=\"elementor-widget-container\">\n\t\t\t\t\t<h2 class=\"elementor-heading-title elementor-size-default\">Ter\u00e0pia sist\u00e8mica i psicocorporal<\/h2>\t\t\t\t<\/div>\n\t\t\t\t<\/div>\n\t\t\t\t<div class=\"elementor-element elementor-element-d82f939 elementor-widget elementor-widget-text-editor\" data-id=\"d82f939\" data-element_type=\"widget\" data-widget_type=\"text-editor.default\">\n\t\t\t\t<div class=\"elementor-widget-container\">\n\t\t\t\t\t\t\t\t\t<p><span style=\"font-weight: 400;\">T&#8217;acompanyo en el cam\u00ed de retorn a casa. A escoltar el teu cor i posar-li veu. Aix\u00ed com la sanaci\u00f3 del teu arbre familiar\u201d. Berta.<\/span><\/p>\n\t\t\t\t\t\t\t\t<\/div>\n\t\t\t\t<\/div>\n\t\t\t\t\t<\/div>\n\t\t\t\t<\/a>\n\t\t<a class=\"elementor-element elementor-element-b1bfac9 e-flex e-con-boxed e-con e-child\" data-id=\"b1bfac9\" data-element_type=\"container\" data-settings=\"{&quot;background_background&quot;:&quot;classic&quot;}\">\n\t\t\t\t\t<div class=\"e-con-inner\">\n\t\t\t\t<div class=\"elementor-element elementor-element-dea585e elementor-widget elementor-widget-heading\" data-id=\"dea585e\" data-element_type=\"widget\" data-widget_type=\"heading.default\">\n\t\t\t\t<div class=\"elementor-widget-container\">\n\t\t\t\t\t<h2 class=\"elementor-heading-title elementor-size-default\">Ter\u00e0pia menstrual<\/h2>\t\t\t\t<\/div>\n\t\t\t\t<\/div>\n\t\t\t\t<div class=\"elementor-element elementor-element-c915f34 elementor-widget elementor-widget-text-editor\" data-id=\"c915f34\" data-element_type=\"widget\" data-widget_type=\"text-editor.default\">\n\t\t\t\t<div class=\"elementor-widget-container\">\n\t\t\t\t\t\t\t\t\t<p><span style=\"font-weight: 400;\">\u201cConnectar amb la vida \u00e9s connectar amb la fertilitat dels nostres somnis i, per tant, amb l&#8217;energia del nostre \u00fater. \u201cJudith.<\/span><\/p>\n\t\t\t\t\t\t\t\t<\/div>\n\t\t\t\t<\/div>\n\t\t\t\t\t<\/div>\n\t\t\t\t<\/a>\n\t\t<a class=\"elementor-element elementor-element-6cc9172 e-flex e-con-boxed e-con e-child\" data-id=\"6cc9172\" data-element_type=\"container\" data-settings=\"{&quot;background_background&quot;:&quot;classic&quot;}\">\n\t\t\t\t\t<div class=\"e-con-inner\">\n\t\t\t\t<div class=\"elementor-element elementor-element-b6506a3 elementor-widget elementor-widget-heading\" data-id=\"b6506a3\" data-element_type=\"widget\" data-widget_type=\"heading.default\">\n\t\t\t\t<div class=\"elementor-widget-container\">\n\t\t\t\t\t<h2 class=\"elementor-heading-title elementor-size-default\">Tractaments facials i massatges<\/h2>\t\t\t\t<\/div>\n\t\t\t\t<\/div>\n\t\t\t\t<div class=\"elementor-element elementor-element-9d18a88 elementor-widget elementor-widget-text-editor\" data-id=\"9d18a88\" data-element_type=\"widget\" data-widget_type=\"text-editor.default\">\n\t\t\t\t<div class=\"elementor-widget-container\">\n\t\t\t\t\t\t\t\t\t<p><span style=\"font-weight: 400;\">\u201cEl meu prop\u00f2sit \u00e9s acompanyar-te en el proc\u00e9s de tenir una pell sana i equilibrada.\u201d Claudia.<\/span><\/p>\n\t\t\t\t\t\t\t\t<\/div>\n\t\t\t\t<\/div>\n\t\t\t\t\t<\/div>\n\t\t\t\t<\/a>\n\t\t\t\t<\/div>\n\t\t\t\t<div class=\"elementor-element elementor-element-51e899e elementor-align-center elementor-widget elementor-widget-button\" data-id=\"51e899e\" data-element_type=\"widget\" data-widget_type=\"button.default\">\n\t\t\t\t<div class=\"elementor-widget-container\">\n\t\t\t\t\t\t\t\t\t<div class=\"elementor-button-wrapper\">\n\t\t\t\t\t<a class=\"elementor-button elementor-button-link elementor-size-sm\" href=\"#elementor-action%3Aaction%3Dpopup%3Aopen%26settings%3DeyJpZCI6MzYyMSwidG9nZ2xlIjpmYWxzZX0%3D\">\n\t\t\t\t\t\t<span class=\"elementor-button-content-wrapper\">\n\t\t\t\t\t\t\t\t\t<span class=\"elementor-button-text\">Contacte<\/span>\n\t\t\t\t\t<\/span>\n\t\t\t\t\t<\/a>\n\t\t\t\t<\/div>\n\t\t\t\t\t\t\t\t<\/div>\n\t\t\t\t<\/div>\n\t\t\t\t<\/div>\n\t\t<div class=\"elementor-element elementor-element-6aa498e e-con-full e-flex e-con e-parent\" data-id=\"6aa498e\" data-element_type=\"container\" data-settings=\"{&quot;background_background&quot;:&quot;classic&quot;}\">\n\t\t\t\t<div class=\"elementor-element elementor-element-f346280 elementor-widget elementor-widget-heading\" data-id=\"f346280\" data-element_type=\"widget\" data-widget_type=\"heading.default\">\n\t\t\t\t<div class=\"elementor-widget-container\">\n\t\t\t\t\t<h2 class=\"elementor-heading-title elementor-size-default\">Coneix als nostres Terapeutes<\/h2>\t\t\t\t<\/div>\n\t\t\t\t<\/div>\n\t\t\t\t<div class=\"elementor-element elementor-element-96b73c1 elementor-widget elementor-widget-text-editor\" data-id=\"96b73c1\" data-element_type=\"widget\" data-widget_type=\"text-editor.default\">\n\t\t\t\t<div class=\"elementor-widget-container\">\n\t\t\t\t\t\t\t\t\t<p><span style=\"font-weight: 400;\">Un cam\u00ed de retorn a tu. Un espai de cura perqu\u00e8 puguis descansar. Descobreix l&#8217;equip i els nostres serveis de ter\u00e0pies.<\/span><\/p>\n\t\t\t\t\t\t\t\t<\/div>\n\t\t\t\t<\/div>\n\t\t<div class=\"elementor-element elementor-element-7a78ded e-con-full e-grid e-con e-child\" data-id=\"7a78ded\" data-element_type=\"container\">\n\t\t<a class=\"elementor-element elementor-element-b385de9 e-flex e-con-boxed e-con e-child\" data-id=\"b385de9\" data-element_type=\"container\" data-settings=\"{&quot;background_background&quot;:&quot;classic&quot;}\">\n\t\t\t\t\t<div class=\"e-con-inner\">\n\t\t\t\t<div class=\"elementor-element elementor-element-06182d9 elementor-widget elementor-widget-image\" data-id=\"06182d9\" data-element_type=\"widget\" data-widget_type=\"image.default\">\n\t\t\t\t<div class=\"elementor-widget-container\">\n\t\t\t\t\t\t\t\t\t\t\t\t\t\t\t<img fetchpriority=\"high\" decoding=\"async\" width=\"800\" height=\"534\" src=\"https:\/\/ehiabarcelona.es\/wp-content\/uploads\/2024\/02\/berta-1024x684.jpg\" class=\"attachment-large size-large wp-image-3144\" alt=\"Ehi\u00e4 Yoga Barcelona. Terapias.\" srcset=\"https:\/\/ehiabarcelona.es\/wp-content\/uploads\/2024\/02\/berta-1024x684.jpg 1024w, https:\/\/ehiabarcelona.es\/wp-content\/uploads\/2024\/02\/berta-300x200.jpg 300w, https:\/\/ehiabarcelona.es\/wp-content\/uploads\/2024\/02\/berta-768x513.jpg 768w, https:\/\/ehiabarcelona.es\/wp-content\/uploads\/2024\/02\/berta-1536x1025.jpg 1536w, https:\/\/ehiabarcelona.es\/wp-content\/uploads\/2024\/02\/berta-2048x1367.jpg 2048w\" sizes=\"(max-width: 800px) 100vw, 800px\" \/>\t\t\t\t\t\t\t\t\t\t\t\t\t\t\t<\/div>\n\t\t\t\t<\/div>\n\t\t\t\t<div class=\"elementor-element elementor-element-33dacd0 elementor-widget elementor-widget-heading\" data-id=\"33dacd0\" data-element_type=\"widget\" data-widget_type=\"heading.default\">\n\t\t\t\t<div class=\"elementor-widget-container\">\n\t\t\t\t\t<h2 class=\"elementor-heading-title elementor-size-default\">Berta<\/h2>\t\t\t\t<\/div>\n\t\t\t\t<\/div>\n\t\t\t\t<div class=\"elementor-element elementor-element-98df9b8 elementor-widget elementor-widget-text-editor\" data-id=\"98df9b8\" data-element_type=\"widget\" data-widget_type=\"text-editor.default\">\n\t\t\t\t<div class=\"elementor-widget-container\">\n\t\t\t\t\t\t\t\t\t<p>Psicoter\u00e0pia i ter\u00e0pia psicocorporal Riu Obert.<\/p>\n\t\t\t\t\t\t\t\t<\/div>\n\t\t\t\t<\/div>\n\t\t\t\t\t<\/div>\n\t\t\t\t<\/a>\n\t\t<a class=\"elementor-element elementor-element-584cdf1 e-flex e-con-boxed e-con e-child\" data-id=\"584cdf1\" data-element_type=\"container\" data-settings=\"{&quot;background_background&quot;:&quot;classic&quot;}\" href=\"https:\/\/ehiabarcelona.es\/ca\/terapeuta\/blanca\">\n\t\t\t\t\t<div class=\"e-con-inner\">\n\t\t\t\t<div class=\"elementor-element elementor-element-ad3ed82 elementor-widget elementor-widget-image\" data-id=\"ad3ed82\" data-element_type=\"widget\" data-widget_type=\"image.default\">\n\t\t\t\t<div class=\"elementor-widget-container\">\n\t\t\t\t\t\t\t\t\t\t\t\t\t\t\t<img decoding=\"async\" width=\"682\" height=\"1024\" src=\"https:\/\/ehiabarcelona.es\/wp-content\/uploads\/2024\/02\/Blanca-682x1024.jpeg\" class=\"attachment-large size-large wp-image-3146\" alt=\"Ehi\u00e4 Yoga Barcelona. Terapias.\" srcset=\"https:\/\/ehiabarcelona.es\/wp-content\/uploads\/2024\/02\/Blanca-682x1024.jpeg 682w, https:\/\/ehiabarcelona.es\/wp-content\/uploads\/2024\/02\/Blanca-200x300.jpeg 200w, https:\/\/ehiabarcelona.es\/wp-content\/uploads\/2024\/02\/Blanca-768x1153.jpeg 768w, https:\/\/ehiabarcelona.es\/wp-content\/uploads\/2024\/02\/Blanca-1023x1536.jpeg 1023w, https:\/\/ehiabarcelona.es\/wp-content\/uploads\/2024\/02\/Blanca.jpeg 1066w\" sizes=\"(max-width: 682px) 100vw, 682px\" \/>\t\t\t\t\t\t\t\t\t\t\t\t\t\t\t<\/div>\n\t\t\t\t<\/div>\n\t\t\t\t<div class=\"elementor-element elementor-element-370fad8 elementor-widget elementor-widget-heading\" data-id=\"370fad8\" data-element_type=\"widget\" data-widget_type=\"heading.default\">\n\t\t\t\t<div class=\"elementor-widget-container\">\n\t\t\t\t\t<h2 class=\"elementor-heading-title elementor-size-default\">Blanca<\/h2>\t\t\t\t<\/div>\n\t\t\t\t<\/div>\n\t\t\t\t<div class=\"elementor-element elementor-element-a99dc44 elementor-widget elementor-widget-text-editor\" data-id=\"a99dc44\" data-element_type=\"widget\" data-widget_type=\"text-editor.default\">\n\t\t\t\t<div class=\"elementor-widget-container\">\n\t\t\t\t\t\t\t\t\t<p>Terapeuta Transpersonal, Consultora en mindfulness i meditaci\u00f3 transpersonal<\/p>\n\t\t\t\t\t\t\t\t<\/div>\n\t\t\t\t<\/div>\n\t\t\t\t\t<\/div>\n\t\t\t\t<\/a>\n\t\t<a class=\"elementor-element elementor-element-fc41fbf e-flex e-con-boxed e-con e-child\" data-id=\"fc41fbf\" data-element_type=\"container\" data-settings=\"{&quot;background_background&quot;:&quot;classic&quot;}\" href=\"https:\/\/ehiabarcelona.es\/ca\/terapeuta\/claudia\">\n\t\t\t\t\t<div class=\"e-con-inner\">\n\t\t\t\t<div class=\"elementor-element elementor-element-6aca354 elementor-widget elementor-widget-image\" data-id=\"6aca354\" data-element_type=\"widget\" data-widget_type=\"image.default\">\n\t\t\t\t<div class=\"elementor-widget-container\">\n\t\t\t\t\t\t\t\t\t\t\t\t\t\t\t<img decoding=\"async\" width=\"683\" height=\"1024\" src=\"https:\/\/ehiabarcelona.es\/wp-content\/uploads\/2024\/02\/Claudia-EhiA-5-683x1024.jpg\" class=\"attachment-large size-large wp-image-3148\" alt=\"Ehi\u00e4 Yoga Barcelona. Terapias.\" srcset=\"https:\/\/ehiabarcelona.es\/wp-content\/uploads\/2024\/02\/Claudia-EhiA-5-683x1024.jpg 683w, https:\/\/ehiabarcelona.es\/wp-content\/uploads\/2024\/02\/Claudia-EhiA-5-200x300.jpg 200w, https:\/\/ehiabarcelona.es\/wp-content\/uploads\/2024\/02\/Claudia-EhiA-5-768x1151.jpg 768w, https:\/\/ehiabarcelona.es\/wp-content\/uploads\/2024\/02\/Claudia-EhiA-5-1025x1536.jpg 1025w, https:\/\/ehiabarcelona.es\/wp-content\/uploads\/2024\/02\/Claudia-EhiA-5-1367x2048.jpg 1367w, https:\/\/ehiabarcelona.es\/wp-content\/uploads\/2024\/02\/Claudia-EhiA-5-scaled.jpg 1708w\" sizes=\"(max-width: 683px) 100vw, 683px\" \/>\t\t\t\t\t\t\t\t\t\t\t\t\t\t\t<\/div>\n\t\t\t\t<\/div>\n\t\t\t\t<div class=\"elementor-element elementor-element-00c1072 elementor-widget elementor-widget-heading\" data-id=\"00c1072\" data-element_type=\"widget\" data-widget_type=\"heading.default\">\n\t\t\t\t<div class=\"elementor-widget-container\">\n\t\t\t\t\t<h2 class=\"elementor-heading-title elementor-size-default\">Claudia<\/h2>\t\t\t\t<\/div>\n\t\t\t\t<\/div>\n\t\t\t\t<div class=\"elementor-element elementor-element-f47ab65 elementor-widget elementor-widget-text-editor\" data-id=\"f47ab65\" data-element_type=\"widget\" data-widget_type=\"text-editor.default\">\n\t\t\t\t<div class=\"elementor-widget-container\">\n\t\t\t\t\t\t\t\t\t<p>Facialista. Higienista facial. Massatgista.<\/p>\n\t\t\t\t\t\t\t\t<\/div>\n\t\t\t\t<\/div>\n\t\t\t\t\t<\/div>\n\t\t\t\t<\/a>\n\t\t<a class=\"elementor-element elementor-element-17ebadd e-flex e-con-boxed e-con e-child\" data-id=\"17ebadd\" data-element_type=\"container\" data-settings=\"{&quot;background_background&quot;:&quot;classic&quot;}\" href=\"https:\/\/ehiabarcelona.es\/ca\/terapeuta\/maria\">\n\t\t\t\t\t<div class=\"e-con-inner\">\n\t\t\t\t<div class=\"elementor-element elementor-element-04e6ef1 elementor-widget elementor-widget-image\" data-id=\"04e6ef1\" data-element_type=\"widget\" data-widget_type=\"image.default\">\n\t\t\t\t<div class=\"elementor-widget-container\">\n\t\t\t\t\t\t\t\t\t\t\t\t\t\t\t<img loading=\"lazy\" decoding=\"async\" width=\"682\" height=\"1024\" src=\"https:\/\/ehiabarcelona.es\/wp-content\/uploads\/2024\/02\/maria-682x1024.jpeg\" class=\"attachment-large size-large wp-image-3150\" alt=\"Ehi\u00e4 Yoga Barcelona. Terapias.\" srcset=\"https:\/\/ehiabarcelona.es\/wp-content\/uploads\/2024\/02\/maria-682x1024.jpeg 682w, https:\/\/ehiabarcelona.es\/wp-content\/uploads\/2024\/02\/maria-200x300.jpeg 200w, https:\/\/ehiabarcelona.es\/wp-content\/uploads\/2024\/02\/maria-768x1153.jpeg 768w, https:\/\/ehiabarcelona.es\/wp-content\/uploads\/2024\/02\/maria-1023x1536.jpeg 1023w, https:\/\/ehiabarcelona.es\/wp-content\/uploads\/2024\/02\/maria.jpeg 1066w\" sizes=\"(max-width: 682px) 100vw, 682px\" \/>\t\t\t\t\t\t\t\t\t\t\t\t\t\t\t<\/div>\n\t\t\t\t<\/div>\n\t\t\t\t<div class=\"elementor-element elementor-element-6dc016f elementor-widget elementor-widget-heading\" data-id=\"6dc016f\" data-element_type=\"widget\" data-widget_type=\"heading.default\">\n\t\t\t\t<div class=\"elementor-widget-container\">\n\t\t\t\t\t<h2 class=\"elementor-heading-title elementor-size-default\">Maria<\/h2>\t\t\t\t<\/div>\n\t\t\t\t<\/div>\n\t\t\t\t<div class=\"elementor-element elementor-element-0ad49ea elementor-widget elementor-widget-text-editor\" data-id=\"0ad49ea\" data-element_type=\"widget\" data-widget_type=\"text-editor.default\">\n\t\t\t\t<div class=\"elementor-widget-container\">\n\t\t\t\t\t\t\t\t\t<p class=\"has-text-align-center\">Ter\u00e0pia hol\u00edstica. Naturopat\u00eda.<\/p>\n\t\t\t\t\t\t\t\t<\/div>\n\t\t\t\t<\/div>\n\t\t\t\t\t<\/div>\n\t\t\t\t<\/a>\n\t\t<a class=\"elementor-element elementor-element-59a1e90 e-flex e-con-boxed e-con e-child\" data-id=\"59a1e90\" data-element_type=\"container\" data-settings=\"{&quot;background_background&quot;:&quot;classic&quot;}\" href=\"https:\/\/ehiabarcelona.es\/ca\/terapeuta\/thomas\">\n\t\t\t\t\t<div class=\"e-con-inner\">\n\t\t\t\t<div class=\"elementor-element elementor-element-51da0a4 elementor-widget elementor-widget-image\" data-id=\"51da0a4\" data-element_type=\"widget\" data-widget_type=\"image.default\">\n\t\t\t\t<div class=\"elementor-widget-container\">\n\t\t\t\t\t\t\t\t\t\t\t\t\t\t\t<img loading=\"lazy\" decoding=\"async\" width=\"800\" height=\"479\" src=\"https:\/\/ehiabarcelona.es\/wp-content\/uploads\/2024\/02\/Thomas-terapeuta-1024x613.jpg\" class=\"attachment-large size-large wp-image-3740\" alt=\"Ehi\u00e4 Yoga Barcelona. Terapias.\" srcset=\"https:\/\/ehiabarcelona.es\/wp-content\/uploads\/2024\/02\/Thomas-terapeuta-1024x613.jpg 1024w, https:\/\/ehiabarcelona.es\/wp-content\/uploads\/2024\/02\/Thomas-terapeuta-300x180.jpg 300w, https:\/\/ehiabarcelona.es\/wp-content\/uploads\/2024\/02\/Thomas-terapeuta-768x460.jpg 768w, https:\/\/ehiabarcelona.es\/wp-content\/uploads\/2024\/02\/Thomas-terapeuta.jpg 1400w\" sizes=\"(max-width: 800px) 100vw, 800px\" \/>\t\t\t\t\t\t\t\t\t\t\t\t\t\t\t<\/div>\n\t\t\t\t<\/div>\n\t\t\t\t<div class=\"elementor-element elementor-element-4367329 elementor-widget elementor-widget-heading\" data-id=\"4367329\" data-element_type=\"widget\" data-widget_type=\"heading.default\">\n\t\t\t\t<div class=\"elementor-widget-container\">\n\t\t\t\t\t<h2 class=\"elementor-heading-title elementor-size-default\">Thomas<\/h2>\t\t\t\t<\/div>\n\t\t\t\t<\/div>\n\t\t\t\t<div class=\"elementor-element elementor-element-9fd775e elementor-widget elementor-widget-text-editor\" data-id=\"9fd775e\" data-element_type=\"widget\" data-widget_type=\"text-editor.default\">\n\t\t\t\t<div class=\"elementor-widget-container\">\n\t\t\t\t\t\t\t\t\t<p>Perinatal i Pediatre. Oste\u00f2pata i posturologia<\/p>\n\t\t\t\t\t\t\t\t<\/div>\n\t\t\t\t<\/div>\n\t\t\t\t\t<\/div>\n\t\t\t\t<\/a>\n\t\t<div class=\"elementor-element elementor-element-22f88d3 e-flex e-con-boxed e-con e-child\" data-id=\"22f88d3\" data-element_type=\"container\" data-settings=\"{&quot;background_background&quot;:&quot;classic&quot;}\">\n\t\t\t\t\t<div class=\"e-con-inner\">\n\t\t\t\t<div class=\"elementor-element elementor-element-c58137e elementor-widget elementor-widget-image\" data-id=\"c58137e\" data-element_type=\"widget\" data-widget_type=\"image.default\">\n\t\t\t\t<div class=\"elementor-widget-container\">\n\t\t\t\t\t\t\t\t\t\t\t\t\t\t\t<img loading=\"lazy\" decoding=\"async\" width=\"683\" height=\"1024\" src=\"https:\/\/ehiabarcelona.es\/wp-content\/uploads\/2024\/02\/judith-683x1024.jpg\" class=\"attachment-large size-large wp-image-3154\" alt=\"Ehi\u00e4 Yoga Barcelona. Terapias.\" srcset=\"https:\/\/ehiabarcelona.es\/wp-content\/uploads\/2024\/02\/judith-683x1024.jpg 683w, https:\/\/ehiabarcelona.es\/wp-content\/uploads\/2024\/02\/judith-200x300.jpg 200w, https:\/\/ehiabarcelona.es\/wp-content\/uploads\/2024\/02\/judith-768x1151.jpg 768w, https:\/\/ehiabarcelona.es\/wp-content\/uploads\/2024\/02\/judith-1025x1536.jpg 1025w, https:\/\/ehiabarcelona.es\/wp-content\/uploads\/2024\/02\/judith-1367x2048.jpg 1367w, https:\/\/ehiabarcelona.es\/wp-content\/uploads\/2024\/02\/judith-scaled.jpg 1708w\" sizes=\"(max-width: 683px) 100vw, 683px\" \/>\t\t\t\t\t\t\t\t\t\t\t\t\t\t\t<\/div>\n\t\t\t\t<\/div>\n\t\t\t\t<div class=\"elementor-element elementor-element-7abd7f3 elementor-widget elementor-widget-heading\" data-id=\"7abd7f3\" data-element_type=\"widget\" data-widget_type=\"heading.default\">\n\t\t\t\t<div class=\"elementor-widget-container\">\n\t\t\t\t\t<h2 class=\"elementor-heading-title elementor-size-default\">Judith <\/h2>\t\t\t\t<\/div>\n\t\t\t\t<\/div>\n\t\t\t\t<div class=\"elementor-element elementor-element-7d6deba elementor-widget elementor-widget-text-editor\" data-id=\"7d6deba\" data-element_type=\"widget\" data-widget_type=\"text-editor.default\">\n\t\t\t\t<div class=\"elementor-widget-container\">\n\t\t\t\t\t\t\t\t\t<p>Autoconeixement c\u00edclic. Alqu\u00edmia menstrual.<\/p>\n\t\t\t\t\t\t\t\t<\/div>\n\t\t\t\t<\/div>\n\t\t\t\t\t<\/div>\n\t\t\t\t<\/div>\n\t\t\t\t<\/div>\n\t\t\t\t<div class=\"elementor-element elementor-element-cd9400d elementor-align-center elementor-widget elementor-widget-button\" data-id=\"cd9400d\" data-element_type=\"widget\" data-widget_type=\"button.default\">\n\t\t\t\t<div class=\"elementor-widget-container\">\n\t\t\t\t\t\t\t\t\t<div class=\"elementor-button-wrapper\">\n\t\t\t\t\t<a class=\"elementor-button elementor-button-link elementor-size-sm\" href=\"https:\/\/ehiabarcelona.es\/ca\/sobre-nosaltres\/\">\n\t\t\t\t\t\t<span class=\"elementor-button-content-wrapper\">\n\t\t\t\t\t\t\t\t\t<span class=\"elementor-button-text\">Equip<\/span>\n\t\t\t\t\t<\/span>\n\t\t\t\t\t<\/a>\n\t\t\t\t<\/div>\n\t\t\t\t\t\t\t\t<\/div>\n\t\t\t\t<\/div>\n\t\t\t\t<\/div>\n\t\t<div class=\"elementor-element elementor-element-d8110e0 e-con-full e-flex e-con e-parent\" data-id=\"d8110e0\" data-element_type=\"container\" data-settings=\"{&quot;background_background&quot;:&quot;classic&quot;}\">\n\t\t\t\t<div class=\"elementor-element elementor-element-b420f50 elementor-widget elementor-widget-heading\" data-id=\"b420f50\" data-element_type=\"widget\" data-widget_type=\"heading.default\">\n\t\t\t\t<div class=\"elementor-widget-container\">\n\t\t\t\t\t<h3 class=\"elementor-heading-title elementor-size-default\">Les nostres 5 Salas de ter\u00e0pies<\/h3>\t\t\t\t<\/div>\n\t\t\t\t<\/div>\n\t\t\t\t<div class=\"elementor-element elementor-element-f0431b3 elementor-widget elementor-widget-text-editor\" data-id=\"f0431b3\" data-element_type=\"widget\" data-widget_type=\"text-editor.default\">\n\t\t\t\t<div class=\"elementor-widget-container\">\n\t\t\t\t\t\t\t\t\t<p><span style=\"font-weight: 400;\">Sostingudes entre totes amb cura i delicadesa. Un lloc per a inhalar completament i exhalar profundament.<\/span><\/p>\n\t\t\t\t\t\t\t\t<\/div>\n\t\t\t\t<\/div>\n\t\t\t\t<div class=\"elementor-element elementor-element-a5a913c elementor-align-center elementor-widget elementor-widget-button\" data-id=\"a5a913c\" data-element_type=\"widget\" data-widget_type=\"button.default\">\n\t\t\t\t<div class=\"elementor-widget-container\">\n\t\t\t\t\t\t\t\t\t<div class=\"elementor-button-wrapper\">\n\t\t\t\t\t<a class=\"elementor-button elementor-button-link elementor-size-sm\" href=\"https:\/\/ehiabarcelona.es\/ca\/lloguer-sales\/\">\n\t\t\t\t\t\t<span class=\"elementor-button-content-wrapper\">\n\t\t\t\t\t\t\t\t\t<span class=\"elementor-button-text\">Lloga el teu espai<\/span>\n\t\t\t\t\t<\/span>\n\t\t\t\t\t<\/a>\n\t\t\t\t<\/div>\n\t\t\t\t\t\t\t\t<\/div>\n\t\t\t\t<\/div>\n\t\t\t\t<div class=\"elementor-element elementor-element-6073806 elementor-widget elementor-widget-gallery\" data-id=\"6073806\" data-element_type=\"widget\" data-settings=\"{&quot;gallery_layout&quot;:&quot;justified&quot;,&quot;ideal_row_height&quot;:{&quot;unit&quot;:&quot;px&quot;,&quot;size&quot;:330,&quot;sizes&quot;:[]},&quot;gap&quot;:{&quot;unit&quot;:&quot;px&quot;,&quot;size&quot;:25,&quot;sizes&quot;:[]},&quot;gap_mobile&quot;:{&quot;unit&quot;:&quot;px&quot;,&quot;size&quot;:15,&quot;sizes&quot;:[]},&quot;ideal_row_height_tablet&quot;:{&quot;unit&quot;:&quot;px&quot;,&quot;size&quot;:150,&quot;sizes&quot;:[]},&quot;ideal_row_height_mobile&quot;:{&quot;unit&quot;:&quot;px&quot;,&quot;size&quot;:150,&quot;sizes&quot;:[]},&quot;gap_tablet&quot;:{&quot;unit&quot;:&quot;px&quot;,&quot;size&quot;:10,&quot;sizes&quot;:[]},&quot;link_to&quot;:&quot;file&quot;,&quot;overlay_background&quot;:&quot;yes&quot;,&quot;content_hover_animation&quot;:&quot;fade-in&quot;}\" data-widget_type=\"gallery.default\">\n\t\t\t\t<div class=\"elementor-widget-container\">\n\t\t\t\t\t\t\t<div class=\"elementor-gallery__container\">\n\t\t\t\t\t\t\t<a class=\"e-gallery-item elementor-gallery-item elementor-animated-content\" href=\"https:\/\/ehiabarcelona.es\/wp-content\/uploads\/2024\/01\/dorada3.jpg\" data-elementor-open-lightbox=\"yes\" data-elementor-lightbox-slideshow=\"6073806\" data-elementor-lightbox-title=\"Sala Dorada Terapias\" data-e-action-hash=\"#elementor-action%3Aaction%3Dlightbox%26settings%3DeyJpZCI6MzEyOCwidXJsIjoiaHR0cHM6XC9cL2VoaWFiYXJjZWxvbmEuZXNcL3dwLWNvbnRlbnRcL3VwbG9hZHNcLzIwMjRcLzAxXC9kb3JhZGEzLmpwZyIsInNsaWRlc2hvdyI6IjYwNzM4MDYifQ%3D%3D\">\n\t\t\t\t\t<div class=\"e-gallery-image elementor-gallery-item__image\" data-thumbnail=\"https:\/\/ehiabarcelona.es\/wp-content\/uploads\/2024\/01\/dorada3.jpg\" data-width=\"1440\" data-height=\"961\" aria-label=\"\" role=\"img\" ><\/div>\n\t\t\t\t\t\t\t\t\t\t\t<div class=\"elementor-gallery-item__overlay\"><\/div>\n\t\t\t\t\t\t\t\t\t\t\t\t\t\t<\/a>\n\t\t\t\t\t\t\t<a class=\"e-gallery-item elementor-gallery-item elementor-animated-content\" href=\"https:\/\/ehiabarcelona.es\/wp-content\/uploads\/2024\/01\/venus.jpg\" data-elementor-open-lightbox=\"yes\" data-elementor-lightbox-slideshow=\"6073806\" data-elementor-lightbox-title=\"venus\" data-e-action-hash=\"#elementor-action%3Aaction%3Dlightbox%26settings%3DeyJpZCI6MzExMiwidXJsIjoiaHR0cHM6XC9cL2VoaWFiYXJjZWxvbmEuZXNcL3dwLWNvbnRlbnRcL3VwbG9hZHNcLzIwMjRcLzAxXC92ZW51cy5qcGciLCJzbGlkZXNob3ciOiI2MDczODA2In0%3D\">\n\t\t\t\t\t<div class=\"e-gallery-image elementor-gallery-item__image\" data-thumbnail=\"https:\/\/ehiabarcelona.es\/wp-content\/uploads\/2024\/01\/venus.jpg\" data-width=\"1440\" data-height=\"1636\" aria-label=\"Ehi\u00e4 Yoga Barcelona. Alquila tu espacio. \" role=\"img\" ><\/div>\n\t\t\t\t\t\t\t\t\t\t\t<div class=\"elementor-gallery-item__overlay\"><\/div>\n\t\t\t\t\t\t\t\t\t\t\t\t\t\t<\/a>\n\t\t\t\t\t\t\t<a class=\"e-gallery-item elementor-gallery-item elementor-animated-content\" href=\"https:\/\/ehiabarcelona.es\/wp-content\/uploads\/2024\/01\/dorada2.jpg\" data-elementor-open-lightbox=\"yes\" data-elementor-lightbox-slideshow=\"6073806\" data-elementor-lightbox-title=\"dorada2\" data-e-action-hash=\"#elementor-action%3Aaction%3Dlightbox%26settings%3DeyJpZCI6MzEyNiwidXJsIjoiaHR0cHM6XC9cL2VoaWFiYXJjZWxvbmEuZXNcL3dwLWNvbnRlbnRcL3VwbG9hZHNcLzIwMjRcLzAxXC9kb3JhZGEyLmpwZyIsInNsaWRlc2hvdyI6IjYwNzM4MDYifQ%3D%3D\">\n\t\t\t\t\t<div class=\"e-gallery-image elementor-gallery-item__image\" data-thumbnail=\"https:\/\/ehiabarcelona.es\/wp-content\/uploads\/2024\/01\/dorada2.jpg\" data-width=\"1440\" data-height=\"961\" aria-label=\"Ehi\u00e4 Yoga Barcelona. Alquila tu espacio. \" role=\"img\" ><\/div>\n\t\t\t\t\t\t\t\t\t\t\t<div class=\"elementor-gallery-item__overlay\"><\/div>\n\t\t\t\t\t\t\t\t\t\t\t\t\t\t<\/a>\n\t\t\t\t\t\t\t<a class=\"e-gallery-item elementor-gallery-item elementor-animated-content\" href=\"https:\/\/ehiabarcelona.es\/wp-content\/uploads\/2024\/01\/dorada.jpg\" data-elementor-open-lightbox=\"yes\" data-elementor-lightbox-slideshow=\"6073806\" data-elementor-lightbox-title=\"dorada\" data-e-action-hash=\"#elementor-action%3Aaction%3Dlightbox%26settings%3DeyJpZCI6MzEyNCwidXJsIjoiaHR0cHM6XC9cL2VoaWFiYXJjZWxvbmEuZXNcL3dwLWNvbnRlbnRcL3VwbG9hZHNcLzIwMjRcLzAxXC9kb3JhZGEuanBnIiwic2xpZGVzaG93IjoiNjA3MzgwNiJ9\">\n\t\t\t\t\t<div class=\"e-gallery-image elementor-gallery-item__image\" data-thumbnail=\"https:\/\/ehiabarcelona.es\/wp-content\/uploads\/2024\/01\/dorada.jpg\" data-width=\"1440\" data-height=\"961\" aria-label=\"Ehi\u00e4 Yoga Barcelona. Alquila tu espacio. \" role=\"img\" ><\/div>\n\t\t\t\t\t\t\t\t\t\t\t<div class=\"elementor-gallery-item__overlay\"><\/div>\n\t\t\t\t\t\t\t\t\t\t\t\t\t\t<\/a>\n\t\t\t\t\t\t\t<a class=\"e-gallery-item elementor-gallery-item elementor-animated-content\" href=\"https:\/\/ehiabarcelona.es\/wp-content\/uploads\/2024\/01\/gaia.jpg\" data-elementor-open-lightbox=\"yes\" data-elementor-lightbox-slideshow=\"6073806\" data-elementor-lightbox-title=\"gaia\" data-e-action-hash=\"#elementor-action%3Aaction%3Dlightbox%26settings%3DeyJpZCI6MzEyMiwidXJsIjoiaHR0cHM6XC9cL2VoaWFiYXJjZWxvbmEuZXNcL3dwLWNvbnRlbnRcL3VwbG9hZHNcLzIwMjRcLzAxXC9nYWlhLmpwZyIsInNsaWRlc2hvdyI6IjYwNzM4MDYifQ%3D%3D\">\n\t\t\t\t\t<div class=\"e-gallery-image elementor-gallery-item__image\" data-thumbnail=\"https:\/\/ehiabarcelona.es\/wp-content\/uploads\/2024\/01\/gaia.jpg\" data-width=\"1440\" data-height=\"961\" aria-label=\"Ehi\u00e4 Yoga Barcelona. Alquila tu espacio. \" role=\"img\" ><\/div>\n\t\t\t\t\t\t\t\t\t\t\t<div class=\"elementor-gallery-item__overlay\"><\/div>\n\t\t\t\t\t\t\t\t\t\t\t\t\t\t<\/a>\n\t\t\t\t\t\t\t<a class=\"e-gallery-item elementor-gallery-item elementor-animated-content\" href=\"https:\/\/ehiabarcelona.es\/wp-content\/uploads\/2024\/01\/gaia-3.jpg\" data-elementor-open-lightbox=\"yes\" data-elementor-lightbox-slideshow=\"6073806\" data-elementor-lightbox-title=\"gaia 3\" data-e-action-hash=\"#elementor-action%3Aaction%3Dlightbox%26settings%3DeyJpZCI6MzEyMCwidXJsIjoiaHR0cHM6XC9cL2VoaWFiYXJjZWxvbmEuZXNcL3dwLWNvbnRlbnRcL3VwbG9hZHNcLzIwMjRcLzAxXC9nYWlhLTMuanBnIiwic2xpZGVzaG93IjoiNjA3MzgwNiJ9\">\n\t\t\t\t\t<div class=\"e-gallery-image elementor-gallery-item__image\" data-thumbnail=\"https:\/\/ehiabarcelona.es\/wp-content\/uploads\/2024\/01\/gaia-3.jpg\" data-width=\"1440\" data-height=\"961\" aria-label=\"Ehi\u00e4 Yoga Barcelona. Alquila tu espacio. \" role=\"img\" ><\/div>\n\t\t\t\t\t\t\t\t\t\t\t<div class=\"elementor-gallery-item__overlay\"><\/div>\n\t\t\t\t\t\t\t\t\t\t\t\t\t\t<\/a>\n\t\t\t\t\t\t\t<a class=\"e-gallery-item elementor-gallery-item elementor-animated-content\" href=\"https:\/\/ehiabarcelona.es\/wp-content\/uploads\/2024\/01\/gaia-2.jpg\" data-elementor-open-lightbox=\"yes\" data-elementor-lightbox-slideshow=\"6073806\" data-elementor-lightbox-title=\"gaia 2\" data-e-action-hash=\"#elementor-action%3Aaction%3Dlightbox%26settings%3DeyJpZCI6MzExOCwidXJsIjoiaHR0cHM6XC9cL2VoaWFiYXJjZWxvbmEuZXNcL3dwLWNvbnRlbnRcL3VwbG9hZHNcLzIwMjRcLzAxXC9nYWlhLTIuanBnIiwic2xpZGVzaG93IjoiNjA3MzgwNiJ9\">\n\t\t\t\t\t<div class=\"e-gallery-image elementor-gallery-item__image\" data-thumbnail=\"https:\/\/ehiabarcelona.es\/wp-content\/uploads\/2024\/01\/gaia-2.jpg\" data-width=\"1440\" data-height=\"961\" aria-label=\"Ehi\u00e4 Yoga Barcelona. Alquila tu espacio. \" role=\"img\" ><\/div>\n\t\t\t\t\t\t\t\t\t\t\t<div class=\"elementor-gallery-item__overlay\"><\/div>\n\t\t\t\t\t\t\t\t\t\t\t\t\t\t<\/a>\n\t\t\t\t\t\t\t<a class=\"e-gallery-item elementor-gallery-item elementor-animated-content\" href=\"https:\/\/ehiabarcelona.es\/wp-content\/uploads\/2024\/01\/venus2.jpg\" data-elementor-open-lightbox=\"yes\" data-elementor-lightbox-slideshow=\"6073806\" data-elementor-lightbox-title=\"venus2\" data-e-action-hash=\"#elementor-action%3Aaction%3Dlightbox%26settings%3DeyJpZCI6MzExNiwidXJsIjoiaHR0cHM6XC9cL2VoaWFiYXJjZWxvbmEuZXNcL3dwLWNvbnRlbnRcL3VwbG9hZHNcLzIwMjRcLzAxXC92ZW51czIuanBnIiwic2xpZGVzaG93IjoiNjA3MzgwNiJ9\">\n\t\t\t\t\t<div class=\"e-gallery-image elementor-gallery-item__image\" data-thumbnail=\"https:\/\/ehiabarcelona.es\/wp-content\/uploads\/2024\/01\/venus2.jpg\" data-width=\"1440\" data-height=\"961\" aria-label=\"Ehi\u00e4 Yoga Barcelona. Alquila tu espacio. \" role=\"img\" ><\/div>\n\t\t\t\t\t\t\t\t\t\t\t<div class=\"elementor-gallery-item__overlay\"><\/div>\n\t\t\t\t\t\t\t\t\t\t\t\t\t\t<\/a>\n\t\t\t\t\t\t\t<a class=\"e-gallery-item elementor-gallery-item elementor-animated-content\" href=\"https:\/\/ehiabarcelona.es\/wp-content\/uploads\/2024\/01\/venus3.jpg\" data-elementor-open-lightbox=\"yes\" data-elementor-lightbox-slideshow=\"6073806\" data-elementor-lightbox-title=\"venus3\" data-e-action-hash=\"#elementor-action%3Aaction%3Dlightbox%26settings%3DeyJpZCI6MzExNCwidXJsIjoiaHR0cHM6XC9cL2VoaWFiYXJjZWxvbmEuZXNcL3dwLWNvbnRlbnRcL3VwbG9hZHNcLzIwMjRcLzAxXC92ZW51czMuanBnIiwic2xpZGVzaG93IjoiNjA3MzgwNiJ9\">\n\t\t\t\t\t<div class=\"e-gallery-image elementor-gallery-item__image\" data-thumbnail=\"https:\/\/ehiabarcelona.es\/wp-content\/uploads\/2024\/01\/venus3.jpg\" data-width=\"1440\" data-height=\"961\" aria-label=\"Ehi\u00e4 Yoga Barcelona. Alquila tu espacio. \" role=\"img\" ><\/div>\n\t\t\t\t\t\t\t\t\t\t\t<div class=\"elementor-gallery-item__overlay\"><\/div>\n\t\t\t\t\t\t\t\t\t\t\t\t\t\t<\/a>\n\t\t\t\t\t\t\t<a class=\"e-gallery-item elementor-gallery-item elementor-animated-content\" href=\"https:\/\/ehiabarcelona.es\/wp-content\/uploads\/2024\/01\/sala-blanca.jpg\" data-elementor-open-lightbox=\"yes\" data-elementor-lightbox-slideshow=\"6073806\" data-elementor-lightbox-title=\"sala-blanca\" data-e-action-hash=\"#elementor-action%3Aaction%3Dlightbox%26settings%3DeyJpZCI6MzExMCwidXJsIjoiaHR0cHM6XC9cL2VoaWFiYXJjZWxvbmEuZXNcL3dwLWNvbnRlbnRcL3VwbG9hZHNcLzIwMjRcLzAxXC9zYWxhLWJsYW5jYS5qcGciLCJzbGlkZXNob3ciOiI2MDczODA2In0%3D\">\n\t\t\t\t\t<div class=\"e-gallery-image elementor-gallery-item__image\" data-thumbnail=\"https:\/\/ehiabarcelona.es\/wp-content\/uploads\/2024\/01\/sala-blanca.jpg\" data-width=\"1440\" data-height=\"961\" aria-label=\"Ehi\u00e4 Yoga Barcelona. Alquila tu espacio. \" role=\"img\" ><\/div>\n\t\t\t\t\t\t\t\t\t\t\t<div class=\"elementor-gallery-item__overlay\"><\/div>\n\t\t\t\t\t\t\t\t\t\t\t\t\t\t<\/a>\n\t\t\t\t\t\t\t<a class=\"e-gallery-item elementor-gallery-item elementor-animated-content\" href=\"https:\/\/ehiabarcelona.es\/wp-content\/uploads\/2024\/01\/sala-blanca1.jpg\" data-elementor-open-lightbox=\"yes\" data-elementor-lightbox-slideshow=\"6073806\" data-elementor-lightbox-title=\"sala-blanca1\" data-elementor-lightbox-description=\"Detalle de la sala blanca. Sala de terapias.\" data-e-action-hash=\"#elementor-action%3Aaction%3Dlightbox%26settings%3DeyJpZCI6MzEwOCwidXJsIjoiaHR0cHM6XC9cL2VoaWFiYXJjZWxvbmEuZXNcL3dwLWNvbnRlbnRcL3VwbG9hZHNcLzIwMjRcLzAxXC9zYWxhLWJsYW5jYTEuanBnIiwic2xpZGVzaG93IjoiNjA3MzgwNiJ9\">\n\t\t\t\t\t<div class=\"e-gallery-image elementor-gallery-item__image\" data-thumbnail=\"https:\/\/ehiabarcelona.es\/wp-content\/uploads\/2024\/01\/sala-blanca1.jpg\" data-width=\"1440\" data-height=\"961\" aria-label=\"Ehi\u00e4 Yoga Barcelona. Alquila tu espacio. \" role=\"img\" ><\/div>\n\t\t\t\t\t\t\t\t\t\t\t<div class=\"elementor-gallery-item__overlay\"><\/div>\n\t\t\t\t\t\t\t\t\t\t\t\t\t\t<\/a>\n\t\t\t\t\t\t\t<a class=\"e-gallery-item elementor-gallery-item elementor-animated-content\" href=\"https:\/\/ehiabarcelona.es\/wp-content\/uploads\/2024\/01\/sala-blanca2.jpg\" data-elementor-open-lightbox=\"yes\" data-elementor-lightbox-slideshow=\"6073806\" data-elementor-lightbox-title=\"sala-blanca2\" data-e-action-hash=\"#elementor-action%3Aaction%3Dlightbox%26settings%3DeyJpZCI6MzEwNiwidXJsIjoiaHR0cHM6XC9cL2VoaWFiYXJjZWxvbmEuZXNcL3dwLWNvbnRlbnRcL3VwbG9hZHNcLzIwMjRcLzAxXC9zYWxhLWJsYW5jYTIuanBnIiwic2xpZGVzaG93IjoiNjA3MzgwNiJ9\">\n\t\t\t\t\t<div class=\"e-gallery-image elementor-gallery-item__image\" data-thumbnail=\"https:\/\/ehiabarcelona.es\/wp-content\/uploads\/2024\/01\/sala-blanca2.jpg\" data-width=\"1440\" data-height=\"961\" aria-label=\"Ehi\u00e4 Yoga Barcelona. Alquila tu espacio. \" role=\"img\" ><\/div>\n\t\t\t\t\t\t\t\t\t\t\t<div class=\"elementor-gallery-item__overlay\"><\/div>\n\t\t\t\t\t\t\t\t\t\t\t\t\t\t<\/a>\n\t\t\t\t\t<\/div>\n\t\t\t\t\t<\/div>\n\t\t\t\t<\/div>\n\t\t\t\t<\/div>\n\t\t<div class=\"elementor-element elementor-element-4e6c144 e-con-full e-flex e-con e-parent\" data-id=\"4e6c144\" data-element_type=\"container\" data-settings=\"{&quot;background_background&quot;:&quot;classic&quot;}\">\n\t\t<div class=\"elementor-element elementor-element-f1e9c3e e-con-full e-flex e-con e-child\" data-id=\"f1e9c3e\" data-element_type=\"container\" data-settings=\"{&quot;background_background&quot;:&quot;classic&quot;}\">\n\t\t\t\t<div class=\"elementor-element elementor-element-9ffec04 elementor-widget elementor-widget-heading\" data-id=\"9ffec04\" data-element_type=\"widget\" data-widget_type=\"heading.default\">\n\t\t\t\t<div class=\"elementor-widget-container\">\n\t\t\t\t\t<h2 class=\"elementor-heading-title elementor-size-default\">Millora el teu benestar i troba la serenitat. Contacta amb Terapeuta<\/h2>\t\t\t\t<\/div>\n\t\t\t\t<\/div>\n\t\t\t\t<div class=\"elementor-element elementor-element-9f59f7c elementor-button-align-stretch elementor-widget elementor-widget-form\" data-id=\"9f59f7c\" data-element_type=\"widget\" data-settings=\"{&quot;step_next_label&quot;:&quot;Seg\\u00fcent&quot;,&quot;step_previous_label&quot;:&quot;Anterior&quot;,&quot;button_width&quot;:&quot;100&quot;,&quot;step_type&quot;:&quot;number_text&quot;,&quot;step_icon_shape&quot;:&quot;circle&quot;}\" data-widget_type=\"form.default\">\n\t\t\t\t<div class=\"elementor-widget-container\">\n\t\t\t\t\t\t\t<form class=\"elementor-form\" method=\"post\" name=\"Nou formulari\">\n\t\t\t<input type=\"hidden\" name=\"post_id\" value=\"3563\"\/>\n\t\t\t<input type=\"hidden\" name=\"form_id\" value=\"9f59f7c\"\/>\n\t\t\t<input type=\"hidden\" name=\"referer_title\" value=\"Ehi\u00e4 yoga y espacios\" \/>\n\n\t\t\t\n\t\t\t<div class=\"elementor-form-fields-wrapper elementor-labels-above\">\n\t\t\t\t\t\t\t\t<div class=\"elementor-field-type-text elementor-field-group elementor-column elementor-field-group-name elementor-col-100\">\n\t\t\t\t\t\t\t\t\t\t\t\t<label for=\"form-field-name\" class=\"elementor-field-label\">\n\t\t\t\t\t\t\t\tNom\t\t\t\t\t\t\t<\/label>\n\t\t\t\t\t\t\t\t\t\t\t\t\t\t<input size=\"1\" type=\"text\" name=\"form_fields[name]\" id=\"form-field-name\" class=\"elementor-field elementor-size-sm  elementor-field-textual\">\n\t\t\t\t\t\t\t\t\t\t\t<\/div>\n\t\t\t\t\t\t\t\t<div class=\"elementor-field-type-email elementor-field-group elementor-column elementor-field-group-email elementor-col-100 elementor-field-required\">\n\t\t\t\t\t\t\t\t\t\t\t\t<label for=\"form-field-email\" class=\"elementor-field-label\">\n\t\t\t\t\t\t\t\tCorreu electr\u00f2nic\t\t\t\t\t\t\t<\/label>\n\t\t\t\t\t\t\t\t\t\t\t\t\t\t<input size=\"1\" type=\"email\" name=\"form_fields[email]\" id=\"form-field-email\" class=\"elementor-field elementor-size-sm  elementor-field-textual\" required=\"required\" aria-required=\"true\">\n\t\t\t\t\t\t\t\t\t\t\t<\/div>\n\t\t\t\t\t\t\t\t<div class=\"elementor-field-type-textarea elementor-field-group elementor-column elementor-field-group-message elementor-col-100\">\n\t\t\t\t\t\t\t\t\t\t\t\t<label for=\"form-field-message\" class=\"elementor-field-label\">\n\t\t\t\t\t\t\t\tMissatge\t\t\t\t\t\t\t<\/label>\n\t\t\t\t\t\t<textarea class=\"elementor-field-textual elementor-field  elementor-size-sm\" name=\"form_fields[message]\" id=\"form-field-message\" rows=\"4\"><\/textarea>\t\t\t\t<\/div>\n\t\t\t\t\t\t\t\t<div class=\"elementor-field-type-acceptance elementor-field-group elementor-column elementor-field-group-field_737b677 elementor-col-100 elementor-field-required\">\n\t\t\t\t\t\t\t<div class=\"elementor-field-subgroup\">\n\t\t\t<span class=\"elementor-field-option\">\n\t\t\t\t<input type=\"checkbox\" name=\"form_fields[field_737b677]\" id=\"form-field-field_737b677\" class=\"elementor-field elementor-size-sm  elementor-acceptance-field\" required=\"required\" aria-required=\"true\">\n\t\t\t\t<label for=\"form-field-field_737b677\">He llegit i accepto la <a href=\"https:\/\/ehiabarcelona.es\/ca\/politica-de-privacitat\/\" target=\"_blank\" onmouseover=\"this.style.color='#1E1E1E';\">pol\u00edtica de privacitat<\/a>\n<\/label>\t\t\t<\/span>\n\t\t<\/div>\n\t\t\t\t\t\t<\/div>\n\t\t\t\t\t\t\t\t<div class=\"elementor-field-type-recaptcha_v3 elementor-field-group elementor-column elementor-field-group-field_41a9e5a elementor-col-100 recaptcha_v3-bottomright\">\n\t\t\t\t\t<div class=\"elementor-field\" id=\"form-field-field_41a9e5a\"><div class=\"elementor-g-recaptcha\" data-sitekey=\"6LcG81gsAAAAAKlpHtW_YMX4uRc_nfpoiDR5VCcP\" data-type=\"v3\" data-action=\"Form\" data-badge=\"bottomright\" data-size=\"invisible\"><\/div><\/div>\t\t\t\t<\/div>\n\t\t\t\t\t\t\t\t<div class=\"elementor-field-group elementor-column elementor-field-type-submit elementor-col-100 e-form__buttons\">\n\t\t\t\t\t<button class=\"elementor-button elementor-size-sm\" type=\"submit\">\n\t\t\t\t\t\t<span class=\"elementor-button-content-wrapper\">\n\t\t\t\t\t\t\t\t\t\t\t\t\t\t\t\t\t\t\t\t\t\t<span class=\"elementor-button-text\">Enviar<\/span>\n\t\t\t\t\t\t\t\t\t\t\t\t\t<\/span>\n\t\t\t\t\t<\/button>\n\t\t\t\t<\/div>\n\t\t\t<\/div>\n\t\t<\/form>\n\t\t\t\t\t\t<\/div>\n\t\t\t\t<\/div>\n\t\t\t\t<\/div>\n\t\t\t\t<\/div>\n\t\t\t\t<\/div>\n\t\t","protected":false},"excerpt":{"rendered":"<p>Introducci\u00f3 i Filosofia Terap\u00e8utica de Ehi\u00e4 En el viatge de Ehi\u00e4, la vida ens ha creuat amb persones meravelloses i grans professionals de l&#8217;\u00e0mbit de la consci\u00e8ncia i de la salut que, avui dia, s\u00f3n les terapeutes i guies de les diverses ter\u00e0pies en Ehi\u00e4 Tipus de ter\u00e0pies i tractaments. Descobreix totes les ter\u00e0pies i [&hellip;]<\/p>\n","protected":false},"author":2,"featured_media":3088,"parent":0,"menu_order":0,"comment_status":"closed","ping_status":"closed","template":"elementor_header_footer","meta":{"_acf_changed":false,"_mo_disable_npp":"","footnotes":""},"class_list":["post-3563","page","type-page","status-publish","has-post-thumbnail","hentry"],"acf":[],"yoast_head":"<!-- This site is optimized with the Yoast SEO plugin v24.6 - https:\/\/yoast.com\/wordpress\/plugins\/seo\/ -->\n<title>Ter\u00e0pies - Ehi\u00e4 yoga y espacios<\/title>\n<meta name=\"description\" content=\"Explora les ter\u00e0pies en Ehi\u00e4: Terapeutes professionals, tractaments facials, massatges i m\u00e9s. Troba el teu espai de capell\u00e0 i benestar.\" \/>\n<meta name=\"robots\" content=\"noindex, follow\" \/>\n<meta property=\"og:locale\" content=\"ca_ES\" \/>\n<meta property=\"og:type\" content=\"article\" \/>\n<meta property=\"og:title\" content=\"Ter\u00e0pies - Ehi\u00e4 yoga y espacios\" \/>\n<meta property=\"og:description\" content=\"Explora les ter\u00e0pies en Ehi\u00e4: Terapeutes professionals, tractaments facials, massatges i m\u00e9s. Troba el teu espai de capell\u00e0 i benestar.\" \/>\n<meta property=\"og:url\" content=\"https:\/\/ehiabarcelona.es\/ca\/terapies\/\" \/>\n<meta property=\"og:site_name\" content=\"Ehi\u00e4 yoga y espacios\" \/>\n<meta property=\"article:modified_time\" content=\"2026-04-22T09:54:52+00:00\" \/>\n<meta property=\"og:image\" content=\"https:\/\/ehiabarcelona.es\/wp-content\/uploads\/2024\/01\/DSC5408-scaled.jpg\" \/>\n\t<meta property=\"og:image:width\" content=\"2560\" \/>\n\t<meta property=\"og:image:height\" content=\"1709\" \/>\n\t<meta property=\"og:image:type\" content=\"image\/jpeg\" \/>\n<meta name=\"twitter:card\" content=\"summary_large_image\" \/>\n<meta name=\"twitter:label1\" content=\"Temps estimat de lectura\" \/>\n\t<meta name=\"twitter:data1\" content=\"3 minuts\" \/>\n<script type=\"application\/ld+json\" class=\"yoast-schema-graph\">{\"@context\":\"https:\/\/schema.org\",\"@graph\":[{\"@type\":\"WebPage\",\"@id\":\"https:\/\/ehiabarcelona.es\/ca\/terapies\/\",\"url\":\"https:\/\/ehiabarcelona.es\/ca\/terapies\/\",\"name\":\"Ter\u00e0pies - Ehi\u00e4 yoga y espacios\",\"isPartOf\":{\"@id\":\"https:\/\/ehiabarcelona.es\/ca\/#website\"},\"primaryImageOfPage\":{\"@id\":\"https:\/\/ehiabarcelona.es\/ca\/terapies\/#primaryimage\"},\"image\":{\"@id\":\"https:\/\/ehiabarcelona.es\/ca\/terapies\/#primaryimage\"},\"thumbnailUrl\":\"https:\/\/ehiabarcelona.es\/wp-content\/uploads\/2024\/01\/DSC5408-scaled.jpg\",\"datePublished\":\"2024-01-02T18:54:21+00:00\",\"dateModified\":\"2026-04-22T09:54:52+00:00\",\"description\":\"Explora les ter\u00e0pies en Ehi\u00e4: Terapeutes professionals, tractaments facials, massatges i m\u00e9s. Troba el teu espai de capell\u00e0 i benestar.\",\"breadcrumb\":{\"@id\":\"https:\/\/ehiabarcelona.es\/ca\/terapies\/#breadcrumb\"},\"inLanguage\":\"ca\",\"potentialAction\":[{\"@type\":\"ReadAction\",\"target\":[\"https:\/\/ehiabarcelona.es\/ca\/terapies\/\"]}]},{\"@type\":\"ImageObject\",\"inLanguage\":\"ca\",\"@id\":\"https:\/\/ehiabarcelona.es\/ca\/terapies\/#primaryimage\",\"url\":\"https:\/\/ehiabarcelona.es\/wp-content\/uploads\/2024\/01\/DSC5408-scaled.jpg\",\"contentUrl\":\"https:\/\/ehiabarcelona.es\/wp-content\/uploads\/2024\/01\/DSC5408-scaled.jpg\",\"width\":2560,\"height\":1709},{\"@type\":\"BreadcrumbList\",\"@id\":\"https:\/\/ehiabarcelona.es\/ca\/terapies\/#breadcrumb\",\"itemListElement\":[{\"@type\":\"ListItem\",\"position\":1,\"name\":\"Portada\",\"item\":\"https:\/\/ehiabarcelona.es\/ca\/\"},{\"@type\":\"ListItem\",\"position\":2,\"name\":\"Ter\u00e0pies\"}]},{\"@type\":\"WebSite\",\"@id\":\"https:\/\/ehiabarcelona.es\/ca\/#website\",\"url\":\"https:\/\/ehiabarcelona.es\/ca\/\",\"name\":\"Ehi\u00e4 Yoga Barcelona\",\"description\":\"Ehi\u00e4 Ioga, ter\u00e0pies i lloguer d&#039;espais a Barcelona.\",\"publisher\":{\"@id\":\"https:\/\/ehiabarcelona.es\/ca\/#organization\"},\"alternateName\":\"Ehi\u00e4 Yoga y Espacios\",\"potentialAction\":[{\"@type\":\"SearchAction\",\"target\":{\"@type\":\"EntryPoint\",\"urlTemplate\":\"https:\/\/ehiabarcelona.es\/ca\/?s={search_term_string}\"},\"query-input\":{\"@type\":\"PropertyValueSpecification\",\"valueRequired\":true,\"valueName\":\"search_term_string\"}}],\"inLanguage\":\"ca\"},{\"@type\":\"Organization\",\"@id\":\"https:\/\/ehiabarcelona.es\/ca\/#organization\",\"name\":\"Ehi\u00e4 Yoga\",\"alternateName\":\"Ehi\u00e4\",\"url\":\"https:\/\/ehiabarcelona.es\/ca\/\",\"logo\":{\"@type\":\"ImageObject\",\"inLanguage\":\"ca\",\"@id\":\"https:\/\/ehiabarcelona.es\/ca\/#\/schema\/logo\/image\/\",\"url\":\"https:\/\/ehiabarcelona.es\/wp-content\/uploads\/2024\/01\/logo-marron.png\",\"contentUrl\":\"https:\/\/ehiabarcelona.es\/wp-content\/uploads\/2024\/01\/logo-marron.png\",\"width\":801,\"height\":801,\"caption\":\"Ehi\u00e4 Yoga\"},\"image\":{\"@id\":\"https:\/\/ehiabarcelona.es\/ca\/#\/schema\/logo\/image\/\"},\"sameAs\":[\"https:\/\/www.instagram.com\/ehia.yoga\/\"]}]}<\/script>\n<!-- \/ Yoast SEO plugin. -->","yoast_head_json":{"title":"Ter\u00e0pies - Ehi\u00e4 yoga y espacios","description":"Explora les ter\u00e0pies en Ehi\u00e4: Terapeutes professionals, tractaments facials, massatges i m\u00e9s. Troba el teu espai de capell\u00e0 i benestar.","robots":{"index":"noindex","follow":"follow"},"og_locale":"ca_ES","og_type":"article","og_title":"Ter\u00e0pies - Ehi\u00e4 yoga y espacios","og_description":"Explora les ter\u00e0pies en Ehi\u00e4: Terapeutes professionals, tractaments facials, massatges i m\u00e9s. Troba el teu espai de capell\u00e0 i benestar.","og_url":"https:\/\/ehiabarcelona.es\/ca\/terapies\/","og_site_name":"Ehi\u00e4 yoga y espacios","article_modified_time":"2026-04-22T09:54:52+00:00","og_image":[{"width":2560,"height":1709,"url":"https:\/\/ehiabarcelona.es\/wp-content\/uploads\/2024\/01\/DSC5408-scaled.jpg","type":"image\/jpeg"}],"twitter_card":"summary_large_image","twitter_misc":{"Temps estimat de lectura":"3 minuts"},"schema":{"@context":"https:\/\/schema.org","@graph":[{"@type":"WebPage","@id":"https:\/\/ehiabarcelona.es\/ca\/terapies\/","url":"https:\/\/ehiabarcelona.es\/ca\/terapies\/","name":"Ter\u00e0pies - Ehi\u00e4 yoga y espacios","isPartOf":{"@id":"https:\/\/ehiabarcelona.es\/ca\/#website"},"primaryImageOfPage":{"@id":"https:\/\/ehiabarcelona.es\/ca\/terapies\/#primaryimage"},"image":{"@id":"https:\/\/ehiabarcelona.es\/ca\/terapies\/#primaryimage"},"thumbnailUrl":"https:\/\/ehiabarcelona.es\/wp-content\/uploads\/2024\/01\/DSC5408-scaled.jpg","datePublished":"2024-01-02T18:54:21+00:00","dateModified":"2026-04-22T09:54:52+00:00","description":"Explora les ter\u00e0pies en Ehi\u00e4: Terapeutes professionals, tractaments facials, massatges i m\u00e9s. Troba el teu espai de capell\u00e0 i benestar.","breadcrumb":{"@id":"https:\/\/ehiabarcelona.es\/ca\/terapies\/#breadcrumb"},"inLanguage":"ca","potentialAction":[{"@type":"ReadAction","target":["https:\/\/ehiabarcelona.es\/ca\/terapies\/"]}]},{"@type":"ImageObject","inLanguage":"ca","@id":"https:\/\/ehiabarcelona.es\/ca\/terapies\/#primaryimage","url":"https:\/\/ehiabarcelona.es\/wp-content\/uploads\/2024\/01\/DSC5408-scaled.jpg","contentUrl":"https:\/\/ehiabarcelona.es\/wp-content\/uploads\/2024\/01\/DSC5408-scaled.jpg","width":2560,"height":1709},{"@type":"BreadcrumbList","@id":"https:\/\/ehiabarcelona.es\/ca\/terapies\/#breadcrumb","itemListElement":[{"@type":"ListItem","position":1,"name":"Portada","item":"https:\/\/ehiabarcelona.es\/ca\/"},{"@type":"ListItem","position":2,"name":"Ter\u00e0pies"}]},{"@type":"WebSite","@id":"https:\/\/ehiabarcelona.es\/ca\/#website","url":"https:\/\/ehiabarcelona.es\/ca\/","name":"Ehi\u00e4 Yoga Barcelona","description":"Ehi\u00e4 Ioga, ter\u00e0pies i lloguer d&#039;espais a Barcelona.","publisher":{"@id":"https:\/\/ehiabarcelona.es\/ca\/#organization"},"alternateName":"Ehi\u00e4 Yoga y Espacios","potentialAction":[{"@type":"SearchAction","target":{"@type":"EntryPoint","urlTemplate":"https:\/\/ehiabarcelona.es\/ca\/?s={search_term_string}"},"query-input":{"@type":"PropertyValueSpecification","valueRequired":true,"valueName":"search_term_string"}}],"inLanguage":"ca"},{"@type":"Organization","@id":"https:\/\/ehiabarcelona.es\/ca\/#organization","name":"Ehi\u00e4 Yoga","alternateName":"Ehi\u00e4","url":"https:\/\/ehiabarcelona.es\/ca\/","logo":{"@type":"ImageObject","inLanguage":"ca","@id":"https:\/\/ehiabarcelona.es\/ca\/#\/schema\/logo\/image\/","url":"https:\/\/ehiabarcelona.es\/wp-content\/uploads\/2024\/01\/logo-marron.png","contentUrl":"https:\/\/ehiabarcelona.es\/wp-content\/uploads\/2024\/01\/logo-marron.png","width":801,"height":801,"caption":"Ehi\u00e4 Yoga"},"image":{"@id":"https:\/\/ehiabarcelona.es\/ca\/#\/schema\/logo\/image\/"},"sameAs":["https:\/\/www.instagram.com\/ehia.yoga\/"]}]}},"_links":{"self":[{"href":"https:\/\/ehiabarcelona.es\/ca\/wp-json\/wp\/v2\/pages\/3563","targetHints":{"allow":["GET"]}}],"collection":[{"href":"https:\/\/ehiabarcelona.es\/ca\/wp-json\/wp\/v2\/pages"}],"about":[{"href":"https:\/\/ehiabarcelona.es\/ca\/wp-json\/wp\/v2\/types\/page"}],"author":[{"embeddable":true,"href":"https:\/\/ehiabarcelona.es\/ca\/wp-json\/wp\/v2\/users\/2"}],"replies":[{"embeddable":true,"href":"https:\/\/ehiabarcelona.es\/ca\/wp-json\/wp\/v2\/comments?post=3563"}],"version-history":[{"count":22,"href":"https:\/\/ehiabarcelona.es\/ca\/wp-json\/wp\/v2\/pages\/3563\/revisions"}],"predecessor-version":[{"id":6199,"href":"https:\/\/ehiabarcelona.es\/ca\/wp-json\/wp\/v2\/pages\/3563\/revisions\/6199"}],"wp:featuredmedia":[{"embeddable":true,"href":"https:\/\/ehiabarcelona.es\/ca\/wp-json\/wp\/v2\/media\/3088"}],"wp:attachment":[{"href":"https:\/\/ehiabarcelona.es\/ca\/wp-json\/wp\/v2\/media?parent=3563"}],"curies":[{"name":"wp","href":"https:\/\/api.w.org\/{rel}","templated":true}]}}